{"id":24,"date":"2019-05-06T14:33:57","date_gmt":"2019-05-06T12:33:57","guid":{"rendered":"http:\/\/pierreromain.pro\/?page_id=24"},"modified":"2026-02-24T10:37:31","modified_gmt":"2026-02-24T09:37:31","slug":"designer","status":"publish","type":"page","link":"https:\/\/pierreromain.pro\/index.php\/designer\/","title":{"rendered":"designer"},"content":{"rendered":"\n<h3>Recherche, invention, cr\u00e9ation.<\/h3>\n\n\n\n<ul>\n<li>Cr\u00e9ation d&rsquo;objets.<\/li>\n\n\n\n<li>Cr\u00e9ation de produits industriels.<\/li>\n\n\n\n<li>Cr\u00e9ation de visuels.<\/li>\n<\/ul>\n\n\n\n<p class=\"has-accent-color has-text-color has-x-large-font-size\"><strong>Projet de statue &#8211; Art Designer<\/strong><\/p>\n\n\n\n<p class=\"has-large-font-size\">La Reine des Porteuses de Canons au sein de Lodelinsart \u00ab \u00a9<\/p>\n\n\n\n<p class=\"has-large-font-size\">Statue Porteuse de Canons \u2013 Women at Work \u00a9<\/p>\n\n\n\n<p class=\"has-large-font-size\">\u0152uvre Universelle et Contemporaine \u00a9<\/p>\n\n\n\n<figure class=\"wp-block-image size-large\"><img decoding=\"async\" loading=\"lazy\" width=\"704\" height=\"1024\" src=\"https:\/\/pierreromain.pro\/wp-content\/uploads\/2026\/02\/IMG_20260224_103139-704x1024.jpg\" alt=\"\" class=\"wp-image-328\" srcset=\"https:\/\/pierreromain.pro\/wp-content\/uploads\/2026\/02\/IMG_20260224_103139-704x1024.jpg 704w, https:\/\/pierreromain.pro\/wp-content\/uploads\/2026\/02\/IMG_20260224_103139-206x300.jpg 206w, https:\/\/pierreromain.pro\/wp-content\/uploads\/2026\/02\/IMG_20260224_103139-768x1116.jpg 768w, https:\/\/pierreromain.pro\/wp-content\/uploads\/2026\/02\/IMG_20260224_103139-1057x1536.jpg 1057w, https:\/\/pierreromain.pro\/wp-content\/uploads\/2026\/02\/IMG_20260224_103139.jpg 1080w\" sizes=\"(max-width: 704px) 100vw, 704px\" \/><\/figure>\n\n\n\n<p><\/p>\n\n\n\n<p><\/p>\n\n\n\n<p>Avec le soutien de l&rsquo;asbl La M\u00e9moire des Ma\u00eetres Verriers .be, j&rsquo;ai le plaisir de vous pr\u00e9senter mon nouveau projet en tant que Art Designer :<\/p>\n\n\n\n<p>Le souffleur de verre en secret\u2026 d\u00e9veloppait son projet&#8230; \u00bb<\/p>\n\n\n\n<p>\u200bUne silhouette, un souffle, la fusion de la mati\u00e8re.<\/p>\n\n\n\n<p>Ce qui se pr\u00e9pare est bien plus qu&rsquo;une \u0153uvre\u2026<\/p>\n\n\n\n<p>\u200bEn ma qualit\u00e9 d\u2019Art Designer, je vous invite \u00e0 lever le voile sur mon projet unique !<\/p>\n\n\n\n<p>\u200b<\/p>\n\n\n\n<p>Le rendez-vous est pris :<\/p>\n\n\n\n<p><img decoding=\"async\" loading=\"lazy\" height=\"16\" width=\"16\" alt=\"\ud83d\udcc5\" src=\"https:\/\/static.xx.fbcdn.net\/images\/emoji.php\/v9\/t7e\/1\/16\/1f4c5.png\"> Mardi 24 f\u00e9vrier<\/p>\n\n\n\n<p><img decoding=\"async\" loading=\"lazy\" height=\"16\" width=\"16\" alt=\"\ud83d\udccd\" src=\"https:\/\/static.xx.fbcdn.net\/images\/emoji.php\/v9\/t2d\/1\/16\/1f4cd.png\"> Sur Instagram \u00ab Reine des Porteuses de Canons \u00ab<\/p>\n\n\n\n<p><img decoding=\"async\" loading=\"lazy\" height=\"16\" width=\"16\" alt=\"\ud83d\udccd\" src=\"https:\/\/static.xx.fbcdn.net\/images\/emoji.php\/v9\/t2d\/1\/16\/1f4cd.png\"> Sur Facebook : \u00ab La M\u00e9moire des Ma\u00eetres Verriers .be \u00ab<\/p>\n\n\n\n<p><img decoding=\"async\" loading=\"lazy\" height=\"16\" width=\"16\" alt=\"\ud83d\udccd\" src=\"https:\/\/static.xx.fbcdn.net\/images\/emoji.php\/v9\/t2d\/1\/16\/1f4cd.png\"> Sur LinkedIn : \u00ab Pierre Romain, Comte de Belvaux \u00ab<\/p>\n\n\n\n<p><img decoding=\"async\" loading=\"lazy\" height=\"16\" width=\"16\" alt=\"\ud83d\udccd\" src=\"https:\/\/static.xx.fbcdn.net\/images\/emoji.php\/v9\/t2d\/1\/16\/1f4cd.png\"> Sur le Web : <a href=\"https:\/\/l.facebook.com\/l.php?u=http%3A%2F%2Fwww.lamemoiredesmaitresverriers.be%2F%3Ffbclid%3DIwZXh0bgNhZW0CMTAAYnJpZBExRDZxRXJYcFFTQXdpelR4THNydGMGYXBwX2lkEDIyMjAzOTE3ODgyMDA4OTIAAR6p8dyAuqY8ADF225WCjPfjBPgL_62_AmYSbgX8EH5WaZpKfZ_69-Yqvr1SBA_aem_c6jDfK0sQsToGYLd181WkQ&amp;h=AT6-sJjdxCXD-7K6OyPaBvoXBcVQFpPWtqTO3JmtjRg1NnKWLhtW8g4jawGBc501W5ra-DsfOMq-MvAyDm4wGlmT4kUcjr2o4tRkfTgBRVSMxSZ0bo7x2Ewtv4CcZ-qsLSakZPIJIzOCmFqsOH4NlT0PJYl9CyKC&amp;__tn__=-UK-y-R&amp;c[0]=AT7KhrOWog7Aw7IXGOaQVcvCU7JloQsZRCn7jDvF0Hbrvcf6FLZ-trCGhpxH2DA-zQ0EyzUBw5IDjtz44vzqdviaH5EAZf6Y1Fg_JIqAVAL7A7cuvX77enjqIpN7_xFTAVsIaWFvzYeL7ZJWlKsho-ahr9j9bWvvjM0GHtlAHSwSXzH5aAj7S-PGZRrhEeNBwmzsHsTta3iv53KhQzHEE4yerMUrmcR7aA\" rel=\"noreferrer noopener\" target=\"_blank\">www.lamemoiredesmaitresverriers.be<\/a><\/p>\n\n\n\n<p><img decoding=\"async\" loading=\"lazy\" height=\"16\" width=\"16\" alt=\"\ud83d\udccd\" src=\"https:\/\/static.xx.fbcdn.net\/images\/emoji.php\/v9\/t2d\/1\/16\/1f4cd.png\"> Sur le Web : <a href=\"https:\/\/l.facebook.com\/l.php?u=http%3A%2F%2Fwww.pierreromain.pro%2F%3Ffbclid%3DIwZXh0bgNhZW0CMTAAYnJpZBExRDZxRXJYcFFTQXdpelR4THNydGMGYXBwX2lkEDIyMjAzOTE3ODgyMDA4OTIAAR7W_kb8JYL_uVzuQJL8sCLdfEBLdgFDG6We4JhO4R6z0sK-ofFdxyc8CM7OJw_aem_9i5T4e_e1n9HBn078dJPLg&amp;h=AT78AtxbSk1UmF8uMI_MyxM7tYRggT3bXVwmguhXeP09j_TVts63vMrYLN7pqq8rIdCj1L0si1g5eCi8_7zhDIL-RMyrsVWQUoSml1R63h6HQp7-IdPWnb9Mu52XCt_uj8evqJy1xWu-i5JJZMV82IAWVuYh0OV5&amp;__tn__=-UK-y-R&amp;c[0]=AT7KhrOWog7Aw7IXGOaQVcvCU7JloQsZRCn7jDvF0Hbrvcf6FLZ-trCGhpxH2DA-zQ0EyzUBw5IDjtz44vzqdviaH5EAZf6Y1Fg_JIqAVAL7A7cuvX77enjqIpN7_xFTAVsIaWFvzYeL7ZJWlKsho-ahr9j9bWvvjM0GHtlAHSwSXzH5aAj7S-PGZRrhEeNBwmzsHsTta3iv53KhQzHEE4yerMUrmcR7aA\" rel=\"noreferrer noopener\" target=\"_blank\">www.pierreromain.pro<\/a><\/p>\n\n\n\n<p><a href=\"https:\/\/www.facebook.com\/hashtag\/18avriljourn%C3%A9emondialeduverre?__eep__=6&amp;__cft__[0]=AZaXh00LNoEF3J5teN2AXYZrp2uAOGFY-x8R58JHJ1Kq6M2xNV01OC2AlE6DC_k5YzOK6ppm0bWurwIlNWl04EXN-6UdkmAkN_F2rKK94zNi7_fQjICF45QKvM_TlK2u3C1AvIUvyxFh0bgzQSFTquaZ-06hwUBW-k3tG4iYgTE9-xoKncGHCedijkCN_j8cFdpKXwRyn8LdCsZp96E_-n9n&amp;__tn__=*NK-y-R\">#18avriljourn\u00e9emondialeduverre<\/a><\/p>\n\n\n\n<p><a href=\"https:\/\/www.facebook.com\/hashtag\/lodelinsartcapitalehistoriqueduverrebelge?__eep__=6&amp;__cft__[0]=AZaXh00LNoEF3J5teN2AXYZrp2uAOGFY-x8R58JHJ1Kq6M2xNV01OC2AlE6DC_k5YzOK6ppm0bWurwIlNWl04EXN-6UdkmAkN_F2rKK94zNi7_fQjICF45QKvM_TlK2u3C1AvIUvyxFh0bgzQSFTquaZ-06hwUBW-k3tG4iYgTE9-xoKncGHCedijkCN_j8cFdpKXwRyn8LdCsZp96E_-n9n&amp;__tn__=*NK-y-R\">#LodelinsartCapitaleHistoriqueduVerreBelge<\/a><\/p>\n\n\n\n<p><a href=\"https:\/\/www.facebook.com\/hashtag\/kingdomofbelgium?__eep__=6&amp;__cft__[0]=AZaXh00LNoEF3J5teN2AXYZrp2uAOGFY-x8R58JHJ1Kq6M2xNV01OC2AlE6DC_k5YzOK6ppm0bWurwIlNWl04EXN-6UdkmAkN_F2rKK94zNi7_fQjICF45QKvM_TlK2u3C1AvIUvyxFh0bgzQSFTquaZ-06hwUBW-k3tG4iYgTE9-xoKncGHCedijkCN_j8cFdpKXwRyn8LdCsZp96E_-n9n&amp;__tn__=*NK-y-R\">#KingdomofBelgium<\/a><\/p>\n\n\n\n<p><a href=\"https:\/\/www.facebook.com\/hashtag\/maitreverrier?__eep__=6&amp;__cft__[0]=AZaXh00LNoEF3J5teN2AXYZrp2uAOGFY-x8R58JHJ1Kq6M2xNV01OC2AlE6DC_k5YzOK6ppm0bWurwIlNWl04EXN-6UdkmAkN_F2rKK94zNi7_fQjICF45QKvM_TlK2u3C1AvIUvyxFh0bgzQSFTquaZ-06hwUBW-k3tG4iYgTE9-xoKncGHCedijkCN_j8cFdpKXwRyn8LdCsZp96E_-n9n&amp;__tn__=*NK-y-R\">#MaitreVerrier<\/a><\/p>\n\n\n\n<p><a href=\"https:\/\/www.facebook.com\/hashtag\/patrimoine?__eep__=6&amp;__cft__[0]=AZaXh00LNoEF3J5teN2AXYZrp2uAOGFY-x8R58JHJ1Kq6M2xNV01OC2AlE6DC_k5YzOK6ppm0bWurwIlNWl04EXN-6UdkmAkN_F2rKK94zNi7_fQjICF45QKvM_TlK2u3C1AvIUvyxFh0bgzQSFTquaZ-06hwUBW-k3tG4iYgTE9-xoKncGHCedijkCN_j8cFdpKXwRyn8LdCsZp96E_-n9n&amp;__tn__=*NK-y-R\">#Patrimoine<\/a><\/p>\n\n\n\n<p><a href=\"https:\/\/www.facebook.com\/hashtag\/artisanatdart?__eep__=6&amp;__cft__[0]=AZaXh00LNoEF3J5teN2AXYZrp2uAOGFY-x8R58JHJ1Kq6M2xNV01OC2AlE6DC_k5YzOK6ppm0bWurwIlNWl04EXN-6UdkmAkN_F2rKK94zNi7_fQjICF45QKvM_TlK2u3C1AvIUvyxFh0bgzQSFTquaZ-06hwUBW-k3tG4iYgTE9-xoKncGHCedijkCN_j8cFdpKXwRyn8LdCsZp96E_-n9n&amp;__tn__=*NK-y-R\">#ArtisanatDArt<\/a><\/p>\n\n\n\n<p><a href=\"https:\/\/www.facebook.com\/hashtag\/porteusesdecanons?__eep__=6&amp;__cft__[0]=AZaXh00LNoEF3J5teN2AXYZrp2uAOGFY-x8R58JHJ1Kq6M2xNV01OC2AlE6DC_k5YzOK6ppm0bWurwIlNWl04EXN-6UdkmAkN_F2rKK94zNi7_fQjICF45QKvM_TlK2u3C1AvIUvyxFh0bgzQSFTquaZ-06hwUBW-k3tG4iYgTE9-xoKncGHCedijkCN_j8cFdpKXwRyn8LdCsZp96E_-n9n&amp;__tn__=*NK-y-R\">#PorteusesdeCanons<\/a><\/p>\n\n\n\n<p><a href=\"https:\/\/www.facebook.com\/hashtag\/pierreromaincomtedebelvauxartdesigner?__eep__=6&amp;__cft__[0]=AZaXh00LNoEF3J5teN2AXYZrp2uAOGFY-x8R58JHJ1Kq6M2xNV01OC2AlE6DC_k5YzOK6ppm0bWurwIlNWl04EXN-6UdkmAkN_F2rKK94zNi7_fQjICF45QKvM_TlK2u3C1AvIUvyxFh0bgzQSFTquaZ-06hwUBW-k3tG4iYgTE9-xoKncGHCedijkCN_j8cFdpKXwRyn8LdCsZp96E_-n9n&amp;__tn__=*NK-y-R\">#PierreRomainComtedeBelvauxArtDesigner<\/a><\/p>\n\n\n\n<p><a href=\"https:\/\/www.facebook.com\/hashtag\/memoireduverre?__eep__=6&amp;__cft__[0]=AZaXh00LNoEF3J5teN2AXYZrp2uAOGFY-x8R58JHJ1Kq6M2xNV01OC2AlE6DC_k5YzOK6ppm0bWurwIlNWl04EXN-6UdkmAkN_F2rKK94zNi7_fQjICF45QKvM_TlK2u3C1AvIUvyxFh0bgzQSFTquaZ-06hwUBW-k3tG4iYgTE9-xoKncGHCedijkCN_j8cFdpKXwRyn8LdCsZp96E_-n9n&amp;__tn__=*NK-y-R\">#MemoireDuVerre<\/a><\/p>\n\n\n\n<p><a href=\"https:\/\/www.facebook.com\/hashtag\/journeesdupatrimoine?__eep__=6&amp;__cft__[0]=AZaXh00LNoEF3J5teN2AXYZrp2uAOGFY-x8R58JHJ1Kq6M2xNV01OC2AlE6DC_k5YzOK6ppm0bWurwIlNWl04EXN-6UdkmAkN_F2rKK94zNi7_fQjICF45QKvM_TlK2u3C1AvIUvyxFh0bgzQSFTquaZ-06hwUBW-k3tG4iYgTE9-xoKncGHCedijkCN_j8cFdpKXwRyn8LdCsZp96E_-n9n&amp;__tn__=*NK-y-R\">#JourneesDuPatrimoine<\/a><\/p>\n\n\n\n<p><a href=\"https:\/\/www.facebook.com\/hashtag\/lodelinsartlacit%C3%A9desverriers?__eep__=6&amp;__cft__[0]=AZaXh00LNoEF3J5teN2AXYZrp2uAOGFY-x8R58JHJ1Kq6M2xNV01OC2AlE6DC_k5YzOK6ppm0bWurwIlNWl04EXN-6UdkmAkN_F2rKK94zNi7_fQjICF45QKvM_TlK2u3C1AvIUvyxFh0bgzQSFTquaZ-06hwUBW-k3tG4iYgTE9-xoKncGHCedijkCN_j8cFdpKXwRyn8LdCsZp96E_-n9n&amp;__tn__=*NK-y-R\">#lodelinsartlacit\u00e9desverriers<\/a><\/p>\n\n\n\n<p><a href=\"https:\/\/www.facebook.com\/hashtag\/iloveglasspro?__eep__=6&amp;__cft__[0]=AZaXh00LNoEF3J5teN2AXYZrp2uAOGFY-x8R58JHJ1Kq6M2xNV01OC2AlE6DC_k5YzOK6ppm0bWurwIlNWl04EXN-6UdkmAkN_F2rKK94zNi7_fQjICF45QKvM_TlK2u3C1AvIUvyxFh0bgzQSFTquaZ-06hwUBW-k3tG4iYgTE9-xoKncGHCedijkCN_j8cFdpKXwRyn8LdCsZp96E_-n9n&amp;__tn__=*NK-y-R\">#iloveglasspro<\/a><\/p>\n\n\n\n<p><a href=\"https:\/\/www.facebook.com\/hashtag\/lodelinsartlepetitparis?__eep__=6&amp;__cft__[0]=AZaXh00LNoEF3J5teN2AXYZrp2uAOGFY-x8R58JHJ1Kq6M2xNV01OC2AlE6DC_k5YzOK6ppm0bWurwIlNWl04EXN-6UdkmAkN_F2rKK94zNi7_fQjICF45QKvM_TlK2u3C1AvIUvyxFh0bgzQSFTquaZ-06hwUBW-k3tG4iYgTE9-xoKncGHCedijkCN_j8cFdpKXwRyn8LdCsZp96E_-n9n&amp;__tn__=*NK-y-R\">#lodelinsartlepetitparis<\/a><\/p>\n\n\n\n<p><a href=\"https:\/\/www.facebook.com\/hashtag\/lareinedesporteusesdecanons?__eep__=6&amp;__cft__[0]=AZaXh00LNoEF3J5teN2AXYZrp2uAOGFY-x8R58JHJ1Kq6M2xNV01OC2AlE6DC_k5YzOK6ppm0bWurwIlNWl04EXN-6UdkmAkN_F2rKK94zNi7_fQjICF45QKvM_TlK2u3C1AvIUvyxFh0bgzQSFTquaZ-06hwUBW-k3tG4iYgTE9-xoKncGHCedijkCN_j8cFdpKXwRyn8LdCsZp96E_-n9n&amp;__tn__=*NK-y-R\">#lareinedesporteusesdecanons<\/a><\/p>\n\n\n\n<p><a href=\"https:\/\/www.facebook.com\/hashtag\/lesporteusesdecanons?__eep__=6&amp;__cft__[0]=AZaXh00LNoEF3J5teN2AXYZrp2uAOGFY-x8R58JHJ1Kq6M2xNV01OC2AlE6DC_k5YzOK6ppm0bWurwIlNWl04EXN-6UdkmAkN_F2rKK94zNi7_fQjICF45QKvM_TlK2u3C1AvIUvyxFh0bgzQSFTquaZ-06hwUBW-k3tG4iYgTE9-xoKncGHCedijkCN_j8cFdpKXwRyn8LdCsZp96E_-n9n&amp;__tn__=*NK-y-R\">#lesporteusesdecanons<\/a><\/p>\n\n\n\n<p>@\u00e0 la une<\/p>\n\n\n\n<p><\/p>\n\n\n\n<p><\/p>\n\n\n\n<figure class=\"wp-block-image size-large\"><img decoding=\"async\" loading=\"lazy\" width=\"1005\" height=\"1024\" src=\"https:\/\/pierreromain.pro\/wp-content\/uploads\/2026\/02\/IMG_20260224_103124-1005x1024.jpg\" alt=\"\" class=\"wp-image-329\" srcset=\"https:\/\/pierreromain.pro\/wp-content\/uploads\/2026\/02\/IMG_20260224_103124-1005x1024.jpg 1005w, https:\/\/pierreromain.pro\/wp-content\/uploads\/2026\/02\/IMG_20260224_103124-294x300.jpg 294w, https:\/\/pierreromain.pro\/wp-content\/uploads\/2026\/02\/IMG_20260224_103124-768x783.jpg 768w, https:\/\/pierreromain.pro\/wp-content\/uploads\/2026\/02\/IMG_20260224_103124.jpg 1038w\" sizes=\"(max-width: 1005px) 100vw, 1005px\" \/><\/figure>\n\n\n\n<p><\/p>\n\n\n\n<p><\/p>\n\n\n\n<p>Mesdames, Messieurs, Chers Amis du Patrimoine,<\/p>\n\n\n\n<p>\u200bRegardez cet homme qui se tient devant vous. Il y a bien longtemps, j\u2019\u00e9tais cet \u00ab\u00a0adorable b\u00e9b\u00e9\u00a0\u00bb dont les yeux s\u2019ouvraient \u00e0 peine sur le monde \u00e0 Lodelinsart, Capitale Historique du Verre Belge.<\/p>\n\n\n\n<p>Aujourd&rsquo;hui, cet enfant a grandi, mais son regard est rest\u00e9 le m\u00eame : celui d&rsquo;un passionn\u00e9, un homme qui a appris que la m\u00e9moire ne se transmet pas seulement dans les livres, mais aussi dans la mati\u00e8re.<\/p>\n\n\n\n<p>\u200bC\u2019est en tant qu\u2019Art Designer et Architecte d\u2019int\u00e9rieur, mais \u00e9galement en tant que Passeur de M\u00e9moire, que j\u2019ai l\u2019immense honneur aujourd\u2019hui de vous pr\u00e9senter ce projet de statue en bronze d\u00e9di\u00e9 aux \u00ab Porteuses de Canons \u00ab.<\/p>\n\n\n\n<p>Le rendez-vous est pris :<\/p>\n\n\n\n<p><img decoding=\"async\" loading=\"lazy\" height=\"16\" width=\"16\" alt=\"\ud83d\udcc5\" src=\"https:\/\/static.xx.fbcdn.net\/images\/emoji.php\/v9\/t7e\/1\/16\/1f4c5.png\"> Aujourd\u2019hui, Mardi 24 f\u00e9vrier PM<\/p>\n\n\n\n<p><img decoding=\"async\" loading=\"lazy\" height=\"16\" width=\"16\" alt=\"\ud83d\udccd\" src=\"https:\/\/static.xx.fbcdn.net\/images\/emoji.php\/v9\/t2d\/1\/16\/1f4cd.png\"> Sur Instagram : \u00ab Reine des Porteuses de Canons \u00ab<\/p>\n\n\n\n<p><img decoding=\"async\" loading=\"lazy\" height=\"16\" width=\"16\" alt=\"\ud83d\udccd\" src=\"https:\/\/static.xx.fbcdn.net\/images\/emoji.php\/v9\/t2d\/1\/16\/1f4cd.png\"> Sur Facebook : \u00ab La M\u00e9moire des Ma\u00eetres Verriers .be \u00ab<\/p>\n\n\n\n<p><img decoding=\"async\" loading=\"lazy\" height=\"16\" width=\"16\" alt=\"\ud83d\udccd\" src=\"https:\/\/static.xx.fbcdn.net\/images\/emoji.php\/v9\/t2d\/1\/16\/1f4cd.png\"> Sur LinkedIn : \u00ab Pierre Romain, Comte de Belvaux \u00ab<\/p>\n\n\n\n<p><img decoding=\"async\" loading=\"lazy\" height=\"16\" width=\"16\" alt=\"\ud83d\udccd\" src=\"https:\/\/static.xx.fbcdn.net\/images\/emoji.php\/v9\/t2d\/1\/16\/1f4cd.png\"> Sur le Web : <a href=\"https:\/\/l.facebook.com\/l.php?u=http%3A%2F%2Fwww.lamemoiredesmaitresverriers.be%2F%3Ffbclid%3DIwZXh0bgNhZW0CMTAAYnJpZBExRDZxRXJYcFFTQXdpelR4THNydGMGYXBwX2lkEDIyMjAzOTE3ODgyMDA4OTIAAR7W_kb8JYL_uVzuQJL8sCLdfEBLdgFDG6We4JhO4R6z0sK-ofFdxyc8CM7OJw_aem_9i5T4e_e1n9HBn078dJPLg&amp;h=AT6jFRxNL18igFWxg3F15URxto9o991Y10n2gnOMxZFd_6pM9U8bGbmtDm0RE_mEVbIj2rTuCvdkWbrtBBKvHrNmZc3S-7qBu1hMdVHvxCZ6M7WEmjwlF8u09C7GYPnLhxz3FrjagIiHPnWYC3Lx5X0UWH7vuh8F&amp;__tn__=-UK-R&amp;c[0]=AT50UZqxAsGgTXeGQc8qDfsntU78PYtkQOa6mS25i4VtQFZscjXVh2d-JnR7GCmYnsXTKbatnOuI3D7WVsP4pGwTQUg02jBlGQ-mTqcyVyw9ABn5FadvpVNQdWzzhs48aW4svNJCE28BBs7P4AGrAC60wcEsSzyxhAV2_mNKutBUQ2eBt7dfUj0ccxrTaR0\" rel=\"noreferrer noopener\" target=\"_blank\">www.lamemoiredesmaitresverriers.be<\/a> \/Porteuses de Canons<\/p>\n\n\n\n<p><img decoding=\"async\" loading=\"lazy\" height=\"16\" width=\"16\" alt=\"\ud83d\udccd\" src=\"https:\/\/static.xx.fbcdn.net\/images\/emoji.php\/v9\/t2d\/1\/16\/1f4cd.png\"> Sur le Web : <a href=\"https:\/\/l.facebook.com\/l.php?u=http%3A%2F%2Fwww.pierreromain.pro%2F%3Ffbclid%3DIwZXh0bgNhZW0CMTAAYnJpZBExRDZxRXJYcFFTQXdpelR4THNydGMGYXBwX2lkEDIyMjAzOTE3ODgyMDA4OTIAAR7W_kb8JYL_uVzuQJL8sCLdfEBLdgFDG6We4JhO4R6z0sK-ofFdxyc8CM7OJw_aem_9i5T4e_e1n9HBn078dJPLg&amp;h=AT5Nuqr8LBHzwRS47vIP-Ee8pwJ2lgXP9gACLqOuyULcEJ1y-M6s-IbU-eHaRlc-B6OnObE-FaOYHWYuuZOKaXBbeeXl5Df3UlJj9EtfU79MtBUcAzedDw2-ODAX8eiCtXbnPiN_FI1fnHruNZuI1v6gsu-rZwvQ&amp;__tn__=-UK-R&amp;c[0]=AT50UZqxAsGgTXeGQc8qDfsntU78PYtkQOa6mS25i4VtQFZscjXVh2d-JnR7GCmYnsXTKbatnOuI3D7WVsP4pGwTQUg02jBlGQ-mTqcyVyw9ABn5FadvpVNQdWzzhs48aW4svNJCE28BBs7P4AGrAC60wcEsSzyxhAV2_mNKutBUQ2eBt7dfUj0ccxrTaR0\" rel=\"noreferrer noopener\" target=\"_blank\">www.pierreromain.pro<\/a> \/designers<\/p>\n\n\n\n<p>Les Hashtags<\/p>\n\n\n\n<p><a href=\"https:\/\/www.facebook.com\/watch\/hashtag\/18avriljourn%C3%A9emondialeduverre?__eep__=6%2F&amp;__cft__[0]=AZbv8MBo3p5edAJkQ1f5BduYjMTY_JGGto_kWUxavVueHbjR9X52zoZdOprybhMawVVZ7hMC9ZVW2FArAMWwoYVfRwUacsOSaAPqFvh1Fz9AgoQitI4ptsO1Z9JbqKuHeMUT7FTZyJAS6j8puTj1Ieazw2_Qp-mkoDeBtQTjdfYQvg&amp;__tn__=*NK-R\">#18avriljourn\u00e9emondialeduverre<\/a><\/p>\n\n\n\n<p><a href=\"https:\/\/www.facebook.com\/watch\/hashtag\/lodelinsartcapitalehistoriqueduverrebelge?__eep__=6%2F&amp;__cft__[0]=AZbv8MBo3p5edAJkQ1f5BduYjMTY_JGGto_kWUxavVueHbjR9X52zoZdOprybhMawVVZ7hMC9ZVW2FArAMWwoYVfRwUacsOSaAPqFvh1Fz9AgoQitI4ptsO1Z9JbqKuHeMUT7FTZyJAS6j8puTj1Ieazw2_Qp-mkoDeBtQTjdfYQvg&amp;__tn__=*NK-R\">#LodelinsartCapitaleHistoriqueduVerreBelge<\/a><\/p>\n\n\n\n<p><a href=\"https:\/\/www.facebook.com\/watch\/hashtag\/kingdomofbelgium?__eep__=6%2F&amp;__cft__[0]=AZbv8MBo3p5edAJkQ1f5BduYjMTY_JGGto_kWUxavVueHbjR9X52zoZdOprybhMawVVZ7hMC9ZVW2FArAMWwoYVfRwUacsOSaAPqFvh1Fz9AgoQitI4ptsO1Z9JbqKuHeMUT7FTZyJAS6j8puTj1Ieazw2_Qp-mkoDeBtQTjdfYQvg&amp;__tn__=*NK-R\">#KingdomofBelgium<\/a><\/p>\n\n\n\n<p><a href=\"https:\/\/www.facebook.com\/watch\/hashtag\/maitreverrier?__eep__=6%2F&amp;__cft__[0]=AZbv8MBo3p5edAJkQ1f5BduYjMTY_JGGto_kWUxavVueHbjR9X52zoZdOprybhMawVVZ7hMC9ZVW2FArAMWwoYVfRwUacsOSaAPqFvh1Fz9AgoQitI4ptsO1Z9JbqKuHeMUT7FTZyJAS6j8puTj1Ieazw2_Qp-mkoDeBtQTjdfYQvg&amp;__tn__=*NK-R\">#MaitreVerrier<\/a><\/p>\n\n\n\n<p><a href=\"https:\/\/www.facebook.com\/watch\/hashtag\/patrimoine?__eep__=6%2F&amp;__cft__[0]=AZbv8MBo3p5edAJkQ1f5BduYjMTY_JGGto_kWUxavVueHbjR9X52zoZdOprybhMawVVZ7hMC9ZVW2FArAMWwoYVfRwUacsOSaAPqFvh1Fz9AgoQitI4ptsO1Z9JbqKuHeMUT7FTZyJAS6j8puTj1Ieazw2_Qp-mkoDeBtQTjdfYQvg&amp;__tn__=*NK-R\">#Patrimoine<\/a><\/p>\n\n\n\n<p>ArtisanatDArt<\/p>\n\n\n\n<p>PorteusesdeCanons<\/p>\n\n\n\n<p>PierreRomainComtedeBelvauxArtDesigner<\/p>\n\n\n\n<p>MemoireDuVerre<\/p>\n\n\n\n<p>JourneesDuPatrimoine<\/p>\n\n\n\n<p>@\u00e0 la une<\/p>\n\n\n\n<p>@ followers<\/p>\n\n\n\n<p><\/p>\n\n\n\n<figure class=\"wp-block-image\"><img alt=\"\"\/><\/figure>\n","protected":false},"excerpt":{"rendered":"<p>Recherche, invention, cr\u00e9ation. Projet de statue &#8211; Art Designer La Reine des Porteuses de Canons au sein de Lodelinsart \u00ab \u00a9 Statue Porteuse de Canons \u2013 Women at Work \u00a9 \u0152uvre Universelle et Contemporaine \u00a9 Avec le soutien de l&rsquo;asbl La M\u00e9moire des Ma\u00eetres Verriers .be, j&rsquo;ai le plaisir de [&hellip;]<\/p>\n","protected":false},"author":1,"featured_media":0,"parent":0,"menu_order":0,"comment_status":"closed","ping_status":"closed","template":"","meta":[],"_links":{"self":[{"href":"https:\/\/pierreromain.pro\/index.php\/wp-json\/wp\/v2\/pages\/24"}],"collection":[{"href":"https:\/\/pierreromain.pro\/index.php\/wp-json\/wp\/v2\/pages"}],"about":[{"href":"https:\/\/pierreromain.pro\/index.php\/wp-json\/wp\/v2\/types\/page"}],"author":[{"embeddable":true,"href":"https:\/\/pierreromain.pro\/index.php\/wp-json\/wp\/v2\/users\/1"}],"replies":[{"embeddable":true,"href":"https:\/\/pierreromain.pro\/index.php\/wp-json\/wp\/v2\/comments?post=24"}],"version-history":[{"count":5,"href":"https:\/\/pierreromain.pro\/index.php\/wp-json\/wp\/v2\/pages\/24\/revisions"}],"predecessor-version":[{"id":331,"href":"https:\/\/pierreromain.pro\/index.php\/wp-json\/wp\/v2\/pages\/24\/revisions\/331"}],"wp:attachment":[{"href":"https:\/\/pierreromain.pro\/index.php\/wp-json\/wp\/v2\/media?parent=24"}],"curies":[{"name":"wp","href":"https:\/\/api.w.org\/{rel}","templated":true}]}}