{"id":291,"date":"2025-02-18T12:00:45","date_gmt":"2025-02-18T11:00:45","guid":{"rendered":"https:\/\/pierreromain.pro\/?page_id=291"},"modified":"2025-09-08T11:41:00","modified_gmt":"2025-09-08T09:41:00","slug":"journees-europeennes-du-patrimoine-archeologique","status":"publish","type":"page","link":"https:\/\/pierreromain.pro\/index.php\/journees-europeennes-du-patrimoine-archeologique\/","title":{"rendered":"Journ\u00e9es Europ\u00e9ennes du Patrimoine &#038; d&rsquo;Arch\u00e9ologie"},"content":{"rendered":"\n<h2><strong>13 et 14 septembre 2025<\/strong><\/h2>\n\n\n\n<p><br><img decoding=\"async\" loading=\"lazy\" height=\"16\" width=\"16\" src=\"https:\/\/static.xx.fbcdn.net\/images\/emoji.php\/v9\/tc1\/1\/16\/1f50d.png\" alt=\"\ud83d\udd0d\"> Journ\u00e9es du Patrimoine \u00e0 Lodelinsart \u2013 13 &amp; 14 septembre<\/p>\n\n\n\n<p>L\u2019\u00e2ge d\u2019or du verre \u00e0 Lodelinsart<\/p>\n\n\n\n<p><a><\/a>Capitale historique du verre belge, Lodelinsart vous invite \u00e0 remonter le temps \u00e0 l\u2019\u00e9poque o\u00f9 on la surnommait le \u00ab\u00a0Petit Paris\u00a0\u00bb.<\/p>\n\n\n\n<p>Partez \u00e0 la d\u00e9couverte du patrimoine verrier de la commune \u00e0 travers un circuit guid\u00e9 m\u00ealant objets en verre, art de la table et anecdotes sur les grandes figures locales comme le Ma\u00eetre-Verrier L. de Dorlodot de Moriam\u00e9.<\/p>\n\n\n\n<p><img decoding=\"async\" loading=\"lazy\" height=\"16\" width=\"16\" alt=\"\ud83d\udcc5\" src=\"https:\/\/static.xx.fbcdn.net\/images\/emoji.php\/v9\/t7e\/1\/16\/1f4c5.png\"> Quand ?<\/p>\n\n\n\n<p>\u2022 Samedi 13 &amp; dimanche 14 septembre<\/p>\n\n\n\n<p>\u2022 Circuits guid\u00e9s : de 10h \u00e0 12h et de 14h \u00e0 16h<\/p>\n\n\n\n<p><img decoding=\"async\" loading=\"lazy\" height=\"16\" width=\"16\" alt=\"\ud83d\udccd\" src=\"https:\/\/static.xx.fbcdn.net\/images\/emoji.php\/v9\/t2d\/1\/16\/1f4cd.png\"> La M\u00e9moire des Ma\u00eetres Verriers \u2013 Rue des Hauchies 53, 6042 Lodelinsart<\/p>\n\n\n\n<p><img decoding=\"async\" loading=\"lazy\" height=\"16\" width=\"16\" alt=\"\ud83d\udcde\" src=\"https:\/\/static.xx.fbcdn.net\/images\/emoji.php\/v9\/t4d\/1\/16\/1f4de.png\"> 0495 82 20 81 \u2013 <img decoding=\"async\" loading=\"lazy\" height=\"16\" width=\"16\" alt=\"\ud83d\udce7\" src=\"https:\/\/static.xx.fbcdn.net\/images\/emoji.php\/v9\/tbe\/1\/16\/1f4e7.png\"> pierreromain@live.be<\/p>\n\n\n\n<p><img decoding=\"async\" loading=\"lazy\" height=\"16\" width=\"16\" src=\"https:\/\/static.xx.fbcdn.net\/images\/emoji.php\/v9\/taa\/1\/16\/1f310.png\" alt=\"\ud83c\udf10\"><a rel=\"noreferrer noopener\" href=\"http:\/\/www.lamemoiredesmaitresverriers.be\/?fbclid=IwZXh0bgNhZW0CMTAAYnJpZBExRDZxRXJYcFFTQXdpelR4TAEescvHGhHbtLmhv-a-fQbas2ZUB8aLfevWcgc67VB0gAQfObVrv29OkahD-z8_aem_7m75wr6MYdoHPWP2mrEmJg\" target=\"_blank\">www.lamemoiredesmaitresverriers.be<\/a><\/p>\n\n\n\n<figure class=\"wp-block-image size-large\"><img decoding=\"async\" loading=\"lazy\" width=\"771\" height=\"1024\" src=\"https:\/\/pierreromain.pro\/wp-content\/uploads\/2025\/09\/540145102_1309695127822205_1088239158858912140_n-771x1024.jpg\" alt=\"\" class=\"wp-image-317\" srcset=\"https:\/\/pierreromain.pro\/wp-content\/uploads\/2025\/09\/540145102_1309695127822205_1088239158858912140_n-771x1024.jpg 771w, https:\/\/pierreromain.pro\/wp-content\/uploads\/2025\/09\/540145102_1309695127822205_1088239158858912140_n-226x300.jpg 226w, https:\/\/pierreromain.pro\/wp-content\/uploads\/2025\/09\/540145102_1309695127822205_1088239158858912140_n-768x1020.jpg 768w, https:\/\/pierreromain.pro\/wp-content\/uploads\/2025\/09\/540145102_1309695127822205_1088239158858912140_n-1157x1536.jpg 1157w, https:\/\/pierreromain.pro\/wp-content\/uploads\/2025\/09\/540145102_1309695127822205_1088239158858912140_n.jpg 1446w\" sizes=\"(max-width: 771px) 100vw, 771px\" \/><\/figure>\n\n\n\n<p><\/p>\n\n\n\n<p><\/p>\n\n\n\n<p><\/p>\n\n\n\n<h2><strong>13 et 14 juin 2025<\/strong> &#8211; <\/h2>\n\n\n\n<h2>\u00a0\u00bb A la d\u00e9couverte du Ch\u00e2teau des Comtes de Belvaux \u00ab\u00a0<\/h2>\n\n\n\n<p>Plus d&rsquo;informations: comtedebelvaux@outlook.com<\/p>\n\n\n\n<figure class=\"wp-block-image size-full\"><img decoding=\"async\" loading=\"lazy\" width=\"568\" height=\"529\" src=\"https:\/\/pierreromain.pro\/wp-content\/uploads\/2025\/03\/1742224359175.jpg\" alt=\"\" class=\"wp-image-299\" srcset=\"https:\/\/pierreromain.pro\/wp-content\/uploads\/2025\/03\/1742224359175.jpg 568w, https:\/\/pierreromain.pro\/wp-content\/uploads\/2025\/03\/1742224359175-300x279.jpg 300w\" sizes=\"(max-width: 568px) 100vw, 568px\" \/><\/figure>\n\n\n\n<p><strong>\u00ab Le Ch\u00e2teau des Comtes de Belvaux \u00ab<\/strong><\/p>\n\n\n\n<p>Il \u00e9tait une fois, un ch\u00e2teau oubli\u00e9, cach\u00e9 par les terres et la v\u00e9g\u00e9tation \u2026 sous le regard des Roses de Daniel \u2026<\/p>\n\n\n\n<p>Plus personne ne savait qu\u2019il \u00e9tait l\u00e0, on pensait m\u00eame qu\u2019il n\u2019avait jamais exist\u00e9\u2026<\/p>\n\n\n\n<p>Nous irons \u00e0 sa d\u00e9couverte lors d\u2019une balade au d\u00e9part de l\u2019\u00e9glise Romane de Saint Aubin d\u00e9j\u00e0 cit\u00e9e en 1130 \u2026 Lieu du rendez-vous.<\/p>\n\n\n\n<p>Nous vous expliquerons l\u2019\u00e9tymologie du non \u00ab &nbsp;Belvaux \u00ab soit l\u2019origine du nom, la reconstitution de l\u2019\u00e9volution en remontant \u00e0 l\u2019\u00e9tat le plus anciennement accessible, ce dernier \u00e9tant le reflet de la topologie du \u00ab &nbsp;lieu \u00ab et qui repr\u00e9sentante les caract\u00e9ristiques du paysage dans notre cas.<\/p>\n\n\n\n<p>Nous d\u00e9marrons par le&nbsp;Hameau de Belvaux ( Bellevaux ), sa topographie, son hydrographie, sa toponymie, sa microtoponymie, son histoire, \u2026<\/p>\n\n\n\n<p>Au cours de cette balade, nous vous raconterons \u00e9galement l\u2019histoire de la Maison des Comtes de Belvaux en commen\u00e7ant par le Cavalier de Belvaux (an 600), cit\u00e9 comme le plus ancien connu sur les terres de Belvaux pour continuer par Georges de Belvaux qui en 938 a re\u00e7u blason de Otton 1er soit 3 merlettes sur fond d\u2019Azur sur carreaux\u2026 dont les descendant auraient b\u00e2ti \/ aid\u00e9 \u00e0 la construction des ch\u00e2teaux de Logne, Ambl\u00e8ve, Arimont, \u2026&nbsp;<\/p>\n\n\n\n<p>Paris et Versailles dont un de Belvaux fut 1er porte \u00e9tendard de la Maison du Roi, Louis XV. Les liens de la Comtesse de Belvaux qui tenait salon \u00e0 Paris \u2026 avec la Marquise de Pompadour \u2026&nbsp;<\/p>\n\n\n\n<p>Documents topographiques, archives officielles, nouvelles technologies, etc,\u2026 confirmerons nos dires.<\/p>\n\n\n\n<p>Mais n\u2019en disons pas trop !<\/p>\n\n\n\n<p>Pour en connaitre plus et encore plus, venez nous rejoindre les 13 juin pour les \u00e9coles et le 14 juin \u00e0 10h et 14h pour d\u00e9couvrir ce pass\u00e9 oubli\u00e9 et d\u00e9couvrir les ruines du ch\u00e2teau f\u00e9odal des Comtes de Belvaux\u2026 Uniquement sur r\u00e9servation avec confirmation via&nbsp;:&nbsp;comtedebelvaux@outlook.com<\/p>\n\n\n\n<p><\/p>\n\n\n\n<figure class=\"wp-block-image size-full\"><img decoding=\"async\" loading=\"lazy\" width=\"720\" height=\"540\" src=\"https:\/\/pierreromain.pro\/wp-content\/uploads\/2025\/02\/1739174387670.jpg\" alt=\"\" class=\"wp-image-292\" srcset=\"https:\/\/pierreromain.pro\/wp-content\/uploads\/2025\/02\/1739174387670.jpg 720w, https:\/\/pierreromain.pro\/wp-content\/uploads\/2025\/02\/1739174387670-300x225.jpg 300w\" sizes=\"(max-width: 720px) 100vw, 720px\" \/><\/figure>\n\n\n\n<p><\/p>\n\n\n\n<p><\/p>\n\n\n\n<p><\/p>\n\n\n\n<p><\/p>\n\n\n\n<p><\/p>\n\n\n\n<p><\/p>\n\n\n\n<p><\/p>\n\n\n\n<p><\/p>\n\n\n\n<h2>Le 15 juin 2025 &#8211; \u00a0\u00bb A la d\u00e9couverte des abris et bunker au Gros-Fayt \u00e0 Lodelinsart \u00a0\u00bb <\/h2>\n\n\n\n<p>Plus d&rsquo;informations: comtedebelvaux@outlook.com<\/p>\n\n\n\n<figure class=\"wp-block-image size-full\"><img decoding=\"async\" loading=\"lazy\" width=\"961\" height=\"796\" src=\"https:\/\/pierreromain.pro\/wp-content\/uploads\/2025\/03\/1742292476667.jpg\" alt=\"\" class=\"wp-image-302\" srcset=\"https:\/\/pierreromain.pro\/wp-content\/uploads\/2025\/03\/1742292476667.jpg 961w, https:\/\/pierreromain.pro\/wp-content\/uploads\/2025\/03\/1742292476667-300x248.jpg 300w, https:\/\/pierreromain.pro\/wp-content\/uploads\/2025\/03\/1742292476667-768x636.jpg 768w\" sizes=\"(max-width: 961px) 100vw, 961px\" \/><\/figure>\n\n\n\n<figure class=\"wp-block-image size-full is-resized\"><img decoding=\"async\" loading=\"lazy\" src=\"https:\/\/pierreromain.pro\/wp-content\/uploads\/2025\/03\/1742293014691.jpg\" alt=\"\" class=\"wp-image-303\" width=\"841\" height=\"562\" srcset=\"https:\/\/pierreromain.pro\/wp-content\/uploads\/2025\/03\/1742293014691.jpg 558w, https:\/\/pierreromain.pro\/wp-content\/uploads\/2025\/03\/1742293014691-300x201.jpg 300w, https:\/\/pierreromain.pro\/wp-content\/uploads\/2025\/03\/1742293014691-360x240.jpg 360w\" sizes=\"(max-width: 841px) 100vw, 841px\" \/><\/figure>\n\n\n\n<p><strong>\u00ab Les Abris et bunker au Gros-Fayt Lodelinsart \u00ab.<\/strong><\/p>\n\n\n\n<p><strong>Il \u00e9tait une fois, un petit gar\u00e7on de 7 ans qui allait jouer avec son ami Jean-Pol , son voisin d\u2019en face \u2026<\/strong><\/p>\n\n\n\n<p><strong>Leur terrain de jeux \u00e9tait le site de la gare de Lodelinsart, qui \u00e9tait important car il y avait eu notamment un pont tournant\u2026<\/strong><\/p>\n\n\n\n<p><strong>Mais \u00e9galement un bunker allemand surmontant la gare de Lodelinsart \u2026<\/strong><\/p>\n\n\n\n<p><strong>Les ann\u00e9es pass\u00e8rent \u2026 Le bunker fut un lointain souvenir\u2026<\/strong><\/p>\n\n\n\n<p><strong>Puis vint un m\u00e9ga projet de centre cultuel et culturel \u2026 &nbsp;le petit gar\u00e7on, \u00e9tant devenu grand, a pr\u00e9venu le propri\u00e9taire, les autorit\u00e9s comp\u00e9tentes , etc, \u2026 de la pr\u00e9sence du bunker\u2026 Tout le monde s\u2019en moquait\u2026<\/strong><\/p>\n\n\n\n<p><strong>Mais suite \u00e0 un article sur les bunkers allemands sur Bruxelles Capitale et notamment l\u2019analyse des composants des b\u00e9tons\u2026 Le d\u00e9clic se fit !<\/strong><\/p>\n\n\n\n<p><strong>Il fallait faire classer ce bunker datant de 40\/45, celui-ci avait remplac\u00e9 un abri datant de la premi\u00e8re guerre mondiale \u2026<\/strong><\/p>\n\n\n\n<p><strong>D\u00e8s lors, contacts, r\u00e9unions, interpellations, etc, \u2026 Le chemin fut long, rempli d\u2019obstacles, de b\u00e2tons dans les roues pour arriver \u00e0 faire classer tout le site en zone d\u2019arch\u00e9ologie sensible\u2026<\/strong><\/p>\n\n\n\n<p><strong>A l\u2019aide de dossiers, photos, relev\u00e9s, lidar, etc,\u2026 nous vous raconterons les d\u00e9marches entreprises et ce qui d\u00e9coulent de cet ajout \u00e0 l\u2019inventaire des sites arch\u00e9ologiques et les proc\u00e9dures \u00e0 suivre !<\/strong><\/p>\n\n\n\n<p><strong>Cette pr\u00e9sentation aura aussi pour but de mettre en avant l\u2019arch\u00e9ologie, l\u2019histoire de Lodelinsart dans la Capitale Historique du Verre Belge.<\/strong><\/p>\n\n\n\n<p><strong>Nous vous raconterons l\u2019histoire de notre bunker, les munitions, la DCA sur un wagon, etc, \u2026, qui ont \u00e9t\u00e9 int\u00e9gr\u00e9s dans le dossier de classement.<\/strong><\/p>\n\n\n\n<p><strong>Venez nombreux, le petit gar\u00e7on devenu grand vous accueillera le dimanche 15 juin \u00e0 10h et 14 h, rue des Hauchies 53 \u00e0 6042 Lodelinsart, point de d\u00e9part.<\/strong><\/p>\n\n\n\n<p><strong>Acc\u00e8s uniquement sur r\u00e9servation et confirmation via pierreromain@live.be ou par SMS au +32(0)495 82 20 81<\/strong><\/p>\n","protected":false},"excerpt":{"rendered":"<p>13 et 14 septembre 2025 Journ\u00e9es du Patrimoine \u00e0 Lodelinsart \u2013 13 &amp; 14 septembre L\u2019\u00e2ge d\u2019or du verre \u00e0 Lodelinsart Capitale historique du verre belge, Lodelinsart vous invite \u00e0 remonter le temps \u00e0 l\u2019\u00e9poque o\u00f9 on la surnommait le \u00ab\u00a0Petit Paris\u00a0\u00bb. Partez \u00e0 la d\u00e9couverte du patrimoine verrier de [&hellip;]<\/p>\n","protected":false},"author":1,"featured_media":0,"parent":0,"menu_order":0,"comment_status":"closed","ping_status":"closed","template":"","meta":[],"_links":{"self":[{"href":"https:\/\/pierreromain.pro\/index.php\/wp-json\/wp\/v2\/pages\/291"}],"collection":[{"href":"https:\/\/pierreromain.pro\/index.php\/wp-json\/wp\/v2\/pages"}],"about":[{"href":"https:\/\/pierreromain.pro\/index.php\/wp-json\/wp\/v2\/types\/page"}],"author":[{"embeddable":true,"href":"https:\/\/pierreromain.pro\/index.php\/wp-json\/wp\/v2\/users\/1"}],"replies":[{"embeddable":true,"href":"https:\/\/pierreromain.pro\/index.php\/wp-json\/wp\/v2\/comments?post=291"}],"version-history":[{"count":12,"href":"https:\/\/pierreromain.pro\/index.php\/wp-json\/wp\/v2\/pages\/291\/revisions"}],"predecessor-version":[{"id":321,"href":"https:\/\/pierreromain.pro\/index.php\/wp-json\/wp\/v2\/pages\/291\/revisions\/321"}],"wp:attachment":[{"href":"https:\/\/pierreromain.pro\/index.php\/wp-json\/wp\/v2\/media?parent=291"}],"curies":[{"name":"wp","href":"https:\/\/api.w.org\/{rel}","templated":true}]}}